{"id":324,"date":"2025-04-02T13:30:45","date_gmt":"2025-04-02T11:30:45","guid":{"rendered":"https:\/\/danielprinz-pianist.de\/?page_id=324"},"modified":"2025-11-05T21:13:12","modified_gmt":"2025-11-05T20:13:12","slug":"daniel-prinz-pianist-kalenderarchiv","status":"publish","type":"page","link":"https:\/\/danielprinz-pianist.de\/english\/daniel-prinz-pianist-kalenderarchiv\/","title":{"rendered":"Daniel Prinz Pianist Kalenderarchiv"},"content":{"rendered":"<div data-elementor-type=\"wp-page\" data-elementor-id=\"324\" class=\"elementor elementor-324\">\n\t\t\t\t<div class=\"elementor-element elementor-element-ccdf395 e-flex e-con-boxed e-con e-parent\" data-id=\"ccdf395\" data-element_type=\"container\">\n\t\t\t\t\t<div class=\"e-con-inner\">\n\t\t<div class=\"elementor-element elementor-element-ae2e123 e-con-full e-flex e-con e-child\" data-id=\"ae2e123\" data-element_type=\"container\">\n\t\t\t\t<div class=\"elementor-element elementor-element-a3bad79 elementor-widget elementor-widget-image\" data-id=\"a3bad79\" data-element_type=\"widget\" data-widget_type=\"image.default\">\n\t\t\t\t<div class=\"elementor-widget-container\">\n\t\t\t\t\t\t\t\t\t\t\t\t\t\t\t<img fetchpriority=\"high\" decoding=\"async\" width=\"800\" height=\"534\" src=\"https:\/\/danielprinz-pianist.de\/wp-content\/uploads\/2025\/04\/Daniel-Prinz-\u00a9-Zuzanna-Specjal-17-1024x683.jpg\" class=\"attachment-large size-large wp-image-292\" alt=\"\" srcset=\"https:\/\/danielprinz-pianist.de\/wp-content\/uploads\/2025\/04\/Daniel-Prinz-\u00a9-Zuzanna-Specjal-17-1024x683.jpg 1024w, https:\/\/danielprinz-pianist.de\/wp-content\/uploads\/2025\/04\/Daniel-Prinz-\u00a9-Zuzanna-Specjal-17-300x200.jpg 300w, https:\/\/danielprinz-pianist.de\/wp-content\/uploads\/2025\/04\/Daniel-Prinz-\u00a9-Zuzanna-Specjal-17-768x512.jpg 768w, https:\/\/danielprinz-pianist.de\/wp-content\/uploads\/2025\/04\/Daniel-Prinz-\u00a9-Zuzanna-Specjal-17-1536x1024.jpg 1536w, https:\/\/danielprinz-pianist.de\/wp-content\/uploads\/2025\/04\/Daniel-Prinz-\u00a9-Zuzanna-Specjal-17-2048x1365.jpg 2048w\" sizes=\"(max-width: 800px) 100vw, 800px\" \/>\t\t\t\t\t\t\t\t\t\t\t\t\t\t\t<\/div>\n\t\t\t\t<\/div>\n\t\t\t\t<\/div>\n\t\t<div class=\"elementor-element elementor-element-9132d51 e-con-full e-flex e-con e-child\" data-id=\"9132d51\" data-element_type=\"container\">\n\t\t\t\t<div class=\"elementor-element elementor-element-ca52f76 elementor-widget elementor-widget-image\" data-id=\"ca52f76\" data-element_type=\"widget\" data-widget_type=\"image.default\">\n\t\t\t\t<div class=\"elementor-widget-container\">\n\t\t\t\t\t\t\t\t\t\t\t\t\t\t\t<img decoding=\"async\" width=\"800\" height=\"534\" src=\"https:\/\/danielprinz-pianist.de\/wp-content\/uploads\/2025\/02\/IMG_3178-1024x683.jpg\" class=\"attachment-large size-large wp-image-44\" alt=\"\" srcset=\"https:\/\/danielprinz-pianist.de\/wp-content\/uploads\/2025\/02\/IMG_3178-1024x683.jpg 1024w, https:\/\/danielprinz-pianist.de\/wp-content\/uploads\/2025\/02\/IMG_3178-300x200.jpg 300w, https:\/\/danielprinz-pianist.de\/wp-content\/uploads\/2025\/02\/IMG_3178-768x512.jpg 768w, https:\/\/danielprinz-pianist.de\/wp-content\/uploads\/2025\/02\/IMG_3178.jpg 1107w\" sizes=\"(max-width: 800px) 100vw, 800px\" \/>\t\t\t\t\t\t\t\t\t\t\t\t\t\t\t<\/div>\n\t\t\t\t<\/div>\n\t\t\t\t<\/div>\n\t\t<div class=\"elementor-element elementor-element-8384977 e-con-full e-flex e-con e-child\" data-id=\"8384977\" data-element_type=\"container\">\n\t\t\t\t<div class=\"elementor-element elementor-element-3fb52a8 elementor-widget elementor-widget-image\" data-id=\"3fb52a8\" data-element_type=\"widget\" data-widget_type=\"image.default\">\n\t\t\t\t<div class=\"elementor-widget-container\">\n\t\t\t\t\t\t\t\t\t\t\t\t\t\t\t<img decoding=\"async\" width=\"800\" height=\"534\" src=\"https:\/\/danielprinz-pianist.de\/wp-content\/uploads\/2025\/02\/bovary-trio03-1024x683.jpg\" class=\"attachment-large size-large wp-image-14\" alt=\"\" srcset=\"https:\/\/danielprinz-pianist.de\/wp-content\/uploads\/2025\/02\/bovary-trio03-1024x683.jpg 1024w, https:\/\/danielprinz-pianist.de\/wp-content\/uploads\/2025\/02\/bovary-trio03-300x200.jpg 300w, https:\/\/danielprinz-pianist.de\/wp-content\/uploads\/2025\/02\/bovary-trio03-768x512.jpg 768w, https:\/\/danielprinz-pianist.de\/wp-content\/uploads\/2025\/02\/bovary-trio03-1536x1024.jpg 1536w, https:\/\/danielprinz-pianist.de\/wp-content\/uploads\/2025\/02\/bovary-trio03.jpg 1669w\" sizes=\"(max-width: 800px) 100vw, 800px\" \/>\t\t\t\t\t\t\t\t\t\t\t\t\t\t\t<\/div>\n\t\t\t\t<\/div>\n\t\t\t\t<\/div>\n\t\t\t\t\t<\/div>\n\t\t\t\t<\/div>\n\t\t<div class=\"elementor-element elementor-element-e12ae44 e-flex e-con-boxed e-con e-parent\" data-id=\"e12ae44\" data-element_type=\"container\">\n\t\t\t\t\t<div class=\"e-con-inner\">\n\t\t\t\t<div class=\"elementor-element elementor-element-d9ccc76 elementor-widget elementor-widget-text-editor\" data-id=\"d9ccc76\" data-element_type=\"widget\" data-widget_type=\"text-editor.default\">\n\t\t\t\t<div class=\"elementor-widget-container\">\n\t\t\t\t\t\t\t\t\t<p>KALENDER ARCHIV<\/p>\t\t\t\t\t\t\t\t<\/div>\n\t\t\t\t<\/div>\n\t\t\t\t\t<\/div>\n\t\t\t\t<\/div>\n\t\t<div class=\"elementor-element elementor-element-98268d8 e-flex e-con-boxed e-con e-parent\" data-id=\"98268d8\" data-element_type=\"container\">\n\t\t\t\t\t<div class=\"e-con-inner\">\n\t\t\t\t<div class=\"elementor-element elementor-element-bc1de1e elementor-widget elementor-widget-text-editor\" data-id=\"bc1de1e\" data-element_type=\"widget\" data-widget_type=\"text-editor.default\">\n\t\t\t\t<div class=\"elementor-widget-container\">\n\t\t\t\t\t\t\t\t\t<p>2025<\/p>\t\t\t\t\t\t\t\t<\/div>\n\t\t\t\t<\/div>\n\t\t\t\t\t<\/div>\n\t\t\t\t<\/div>\n\t\t<div class=\"elementor-element elementor-element-f23119b e-flex e-con-boxed e-con e-parent\" data-id=\"f23119b\" data-element_type=\"container\">\n\t\t\t\t\t<div class=\"e-con-inner\">\n\t\t\t\t<div class=\"elementor-element elementor-element-8e40c3e elementor-widget elementor-widget-text-editor\" data-id=\"8e40c3e\" data-element_type=\"widget\" data-widget_type=\"text-editor.default\">\n\t\t\t\t<div class=\"elementor-widget-container\">\n\t\t\t\t\t\t\t\t\t<p><strong>14.02.25 Bovary Trio<\/strong><br \/>Education Project: \u201eDie Angst vor dem falschen Ton\u201c Evang. Gemeindehaus Eberbach<\/p><p><strong>5.4.-12.4.2025<\/strong><br \/>Leeds Lieder Young Artist Programme<\/p><p><strong>5.5.2025 Liederabend<\/strong> <br \/>Liedduo Conrad\/Prinz im Beisenkamp Gymnasium Hamm<br \/>Lieder von Johannes Brahms, Hanns Eisler und Ralph Vaughan Williams<\/p><p><strong>6.5.2025 Liedworkshop<\/strong><br \/>Liedduo Conrad\/Prinz im Beisenkamp Gymnasium Hamm<\/p><p><strong>14.05.2025 Liederabend<\/strong> <br \/>in der Galerie Gondwana (Berlin) <br \/>Lieder und Duette von George Enescu, Tiberiu Brediceanu, Gabriel Faur\u00e9, Claude Debussy, Camille Saint-Sa\u00ebns und Manuel de Falla mit Shimon Yoshida und Sibylla Maria L\u00f6bbert<\/p><p><strong>31.5.2025 Hauskonzert<\/strong> <br \/>in Berlin mit No\u00eblle Drost, Birita Poulsen und Christine Sch\u00e4fer<\/p><p><strong>14.6.2025 Master Rezital<\/strong><br \/>Lieder von Gustav Mahler, Ralph Vaughan Williams, Franz Schubert Hochschule f\u00fcr Musik Hanns Eisler Berlin &#8211; Studiosaal<\/p><p><strong>23.6.2025 Hauskonzert<\/strong> <br \/>in Wien Liebesliederwalzer op. 52 und Zigeunerlieder op. 103<\/p><p><strong>16.-25.7.2025 Liedduo<\/strong><br \/>exzellenz labor lied <br \/>mit Hedwig Fassbender, Anne LeBozec, G\u00f6tz Payer und Mathias Hermann<br \/>Acad\u00e9mie Villecroze\/Frankreich<\/p>\t\t\t\t\t\t\t\t<\/div>\n\t\t\t\t<\/div>\n\t\t\t\t\t<\/div>\n\t\t\t\t<\/div>\n\t\t<div class=\"elementor-element elementor-element-7909525 e-flex e-con-boxed e-con e-parent\" data-id=\"7909525\" data-element_type=\"container\">\n\t\t\t\t\t<div class=\"e-con-inner\">\n\t\t\t\t<div class=\"elementor-element elementor-element-e3a1db4 elementor-widget elementor-widget-text-editor\" data-id=\"e3a1db4\" data-element_type=\"widget\" data-widget_type=\"text-editor.default\">\n\t\t\t\t<div class=\"elementor-widget-container\">\n\t\t\t\t\t\t\t\t\t<p>2024<\/p>\t\t\t\t\t\t\t\t<\/div>\n\t\t\t\t<\/div>\n\t\t\t\t\t<\/div>\n\t\t\t\t<\/div>\n\t\t<div class=\"elementor-element elementor-element-9700c8a e-flex e-con-boxed e-con e-parent\" data-id=\"9700c8a\" data-element_type=\"container\">\n\t\t\t\t\t<div class=\"e-con-inner\">\n\t\t\t\t<div class=\"elementor-element elementor-element-ba48f6c elementor-widget elementor-widget-text-editor\" data-id=\"ba48f6c\" data-element_type=\"widget\" data-widget_type=\"text-editor.default\">\n\t\t\t\t<div class=\"elementor-widget-container\">\n\t\t\t\t\t\t\t\t\t<p><strong>17.1.24 Bovary Trio<\/strong><br \/>Programm: Mix<br \/>Aula der Berufsschule Sulzbach<\/p><p><strong>21.1.24 Liedduo Conrad\/Prinz<\/strong><br \/>LIEDBasel Matinee<\/p><p><strong>28.1.24 Bovary Trio<\/strong><br \/>Programm: Clara\u2026Robert\u2026Johannes<br \/>Konzertsaal im Spitalhof Dinkelsb\u00fchl<\/p><p><strong>31.1.24 Bovary Trio<\/strong><br \/>Programm: \u201eTr\u00e4umerische Gem\u00e4lde\u201c<br \/>Englische Kirche Bad Homburg<\/p><p><strong>09.02.24 Bovary Trio<\/strong><br \/>Programm: \u201eZwischen Gassenhauer und Winterreise\u201c<br \/>Carl-Orff-Saal T\u00f6ging<\/p><p><strong>15.2.24 Liedduo Conrad\/Prinz<\/strong><br \/>Programm: \u201e1816 &#8211; Geh unter Welt\u201c<br \/>Kleiner Sendesaal NDR Hannover<\/p><p><strong>16.2.24 Liedduo Conrad\/Prinz<\/strong><br \/>Programm: \u201e1816 &#8211; Geh unter Welt\u201c<br \/>Gustav-L\u00fcbcke-Museum Hamm<\/p><p><strong>17.2.24 Liedduo Conrad\/Prinz<\/strong><br \/>Programm: \u201eM\u00e4nner zwischen Rausch und Verzweiflung\u201c<br \/>Lichthof im Rathaus Ganderkesee<\/p><p><strong>24.2.24 Liedduo Conrad\/Prinz<\/strong><br \/>Programm: \u201e1816 &#8211; Geh unter Welt\u201c<br \/>Wildbadsaal <br \/>Wei\u00dfenburg<\/p><p><strong>3.3.24 Bovary Trio<\/strong><br \/>Programm: \u201eTr\u00e4umerische Gem\u00e4lde\u201c<br \/>\u201eTreffpunkt f\u00fcr Kunst und Kultur\u201c <br \/>AMEOS Klinikum <br \/>Osnabr\u00fcck<\/p><p><strong>5.3.24 Bovary Trio<\/strong><br \/>Programm: \u201eTr\u00e4umerische Gem\u00e4lde\u201c<br \/>B\u00fcrgerhaus Neuer Markt, Gro\u00dfer Saal B\u00fchl<\/p><p><strong>7.3.24 Bovary Trio<\/strong><br \/>Programm: \u201eTr\u00e4umerische Gem\u00e4lde\u201c<br \/>Villa Wieser Herxheim<\/p><p><strong>10.3.24 Bovary Trio<\/strong><br \/>Programm: \u201eTr\u00e4umerische Gem\u00e4lde\u201c<br \/>Schloss Kirchberg, Rittersaal<\/p><p><strong>01.-07.04.24<\/strong><br \/>Mitwirkung als Interpret an der Kompositionswerkstatt von \u201eJugend komponiert\u201c<br \/>Musikakademie Schloss Weilkersheim<\/p><p><strong>13.4.24 Liedduo Conrad\/Prinz<\/strong><br \/>Programm: \u201eM\u00e4nner zwischen Rausch und Verzweiflung\u201c<br \/>Schloss Neunburg Oberviehtach<\/p><p><strong>20.4.24 Liedduo Conrad\/Prinz<\/strong><br \/>Programm: \u201eM\u00e4nner zwischen Rausch und Verzweiflung\u201c<br \/>Altes Rathaus Sch\u00f6ppingen<\/p><p><strong>5.5.24 Bovary Trio<\/strong><br \/>Programm: \u201eClara\u2026Robert\u2026Johannes\u201c<br \/>F\u00fcrstensaal Museum Salder Salzgitter<\/p><p><strong>11.5.24 Bovary Trio<\/strong><br \/>Programm: \u201eClara\u2026Robert\u2026Johannes\u201c<br \/>Rathaussaal Oyten<\/p><p><strong>12.5.24 Bovary Trio<\/strong><br \/>Programm: \u201eClara\u2026Robert\u2026Johannes\u201c<br \/>Theatersaal im Augustinum Bonn<\/p><p><strong>21.05-26.05.24 Liedduo Conrad\/Prinz<\/strong><br \/>LIEDBasel<\/p><p><strong>01.-10.08.24<\/strong><br \/>Mitwirkung als Interpret an der Kompositionswerkstatt von \u201eJugend komponiert\u201c<br \/>Musikakademie Schloss Weilkersheim<\/p><p><strong>4.10.24 Bovary Trio<\/strong><br \/>Programm: \u201eClara\u2026Robert\u2026Johannes\u201c<br \/>Musiksalon der Villa Seeliger Wolfenb\u00fcttel<\/p>\t\t\t\t\t\t\t\t<\/div>\n\t\t\t\t<\/div>\n\t\t\t\t\t<\/div>\n\t\t\t\t<\/div>\n\t\t<div class=\"elementor-element elementor-element-8a3c250 e-flex e-con-boxed e-con e-parent\" data-id=\"8a3c250\" data-element_type=\"container\">\n\t\t\t\t\t<div class=\"e-con-inner\">\n\t\t\t\t<div class=\"elementor-element elementor-element-80c1434 elementor-widget elementor-widget-text-editor\" data-id=\"80c1434\" data-element_type=\"widget\" data-widget_type=\"text-editor.default\">\n\t\t\t\t<div class=\"elementor-widget-container\">\n\t\t\t\t\t\t\t\t\t<p>2023<\/p>\t\t\t\t\t\t\t\t<\/div>\n\t\t\t\t<\/div>\n\t\t\t\t\t<\/div>\n\t\t\t\t<\/div>\n\t\t<div class=\"elementor-element elementor-element-cbea510 e-flex e-con-boxed e-con e-parent\" data-id=\"cbea510\" data-element_type=\"container\">\n\t\t\t\t\t<div class=\"e-con-inner\">\n\t\t\t\t<div class=\"elementor-element elementor-element-6df1ca4 elementor-widget elementor-widget-text-editor\" data-id=\"6df1ca4\" data-element_type=\"widget\" data-widget_type=\"text-editor.default\">\n\t\t\t\t<div class=\"elementor-widget-container\">\n\t\t\t\t\t\t\t\t\t<p><strong>1.10.23 Liedduo<\/strong> Conrad\/Prinz<br \/>Programm: \u201eM\u00e4nner zwischen Rausch und Verzweifllung\u201c<br \/>Schlosskonzerte K\u00f6nigs Wusterhausen<\/p><p><strong>7.10.23 Liedduo<\/strong> Conrad\/Prinz<br \/>Programm: \u201eM\u00e4nner zwischen Rausch und Verzweiflung\u201c<br \/>Rathaussaal Oyten<\/p><p><strong>03.11.23 Bovary Trio<\/strong><br \/>Programm: \u201eZwischen Gassenhauer und Winterreise\u201c<br \/>Kammermusiktage Dilsberg (Kommandantenhaus)<\/p><p><strong>05.11.23 Bovary Trio<\/strong><br \/>Programm: \u201eZwischen Gassenhauer und Winterreise\u201c<br \/>Villa Winkel Ochtrup<\/p><p><strong>11.11.23 Liedduo Conrad\/ Prinz<\/strong><br \/>Programm: \u201e1816 &#8211; Geh unter Welt\u201c<br \/>Kurf\u00fcrstensaal Heppenheim<\/p><p><strong>12.11.23 Liedduo Conrad\/ Prinz<\/strong><br \/>Programm: \u201e1816 &#8211; Geh unter Welt\u201c<br \/>B\u00fcrgerhaus Telgte<\/p><p><strong>18.11.23 Liedduo Conrad\/Prinz<\/strong><br \/>Programm: \u201e1816 &#8211; Geh unter Welt\u201c<br \/>Aula des Christoph-Probst-Gymnasiums Gilching<\/p><p><strong>24.11.23 Liedduo Yoshida\/Prinz<\/strong><br \/>Lieder von Robert Franz<br \/>Forumkonzert in Musikbrauerei Berlin <br \/>(Mitschnitt Deutschlandfunk Kultur)<\/p><p><strong>3.12.23 Liedduo Conrad\/ Prinz<\/strong><br \/>Weihnachtsprogramm: \u201eWie sch\u00f6n geschm\u00fcckt der festliche Raum\u201c Theater Diepholz<\/p><p><strong>06.12.23<\/strong> Konzert f\u00fcr Live Music Now Berlin<br \/>mit Hannah Schmidt-Ott (Sopran) und Julia Debowska (Sopran)<\/p><p><strong>11.12.23<\/strong> Konzert f\u00fcr Live Music Now <br \/>Berlin<br \/>mit Hannah Schmidt-Ott (Sopran) und <br \/>Cedric Petersen (Fagott)<\/p><p><strong>08.01.23<\/strong> Konzert f\u00fcr Live Music Now Berlin<br \/>mit Hannah Schmidt-Ott (Sopran) und Cedric Petersen (Fagott)<\/p><p><strong>12.01.23<\/strong> <strong>Liedduo Conrad\/Prinz<\/strong><br \/>Programm: \u201eM\u00e4nner zwischen Rausch und Verzweiflung\u201c<br \/>Augustinum Bonn<\/p><p>\u00a0<\/p>\t\t\t\t\t\t\t\t<\/div>\n\t\t\t\t<\/div>\n\t\t\t\t\t<\/div>\n\t\t\t\t<\/div>\n\t\t\t\t<\/div>","protected":false},"excerpt":{"rendered":"<p>KALENDER ARCHIV 2025 14.02.25 Bovary TrioEducation Project: \u201eDie Angst vor dem falschen Ton\u201c Evang. Gemeindehaus Eberbach 5.4.-12.4.2025Leeds Lieder Young Artist Programme 5.5.2025 Liederabend Liedduo Conrad\/Prinz im Beisenkamp Gymnasium HammLieder von Johannes Brahms, Hanns Eisler und Ralph Vaughan Williams 6.5.2025 LiedworkshopLiedduo Conrad\/Prinz im Beisenkamp Gymnasium Hamm 14.05.2025 Liederabend in der Galerie Gondwana (Berlin) Lieder und Duette [&hellip;]<\/p>","protected":false},"author":1,"featured_media":0,"parent":0,"menu_order":0,"comment_status":"closed","ping_status":"closed","template":"","meta":{"footnotes":""},"class_list":["post-324","page","type-page","status-publish","hentry"],"_links":{"self":[{"href":"https:\/\/danielprinz-pianist.de\/english\/wp-json\/wp\/v2\/pages\/324","targetHints":{"allow":["GET"]}}],"collection":[{"href":"https:\/\/danielprinz-pianist.de\/english\/wp-json\/wp\/v2\/pages"}],"about":[{"href":"https:\/\/danielprinz-pianist.de\/english\/wp-json\/wp\/v2\/types\/page"}],"author":[{"embeddable":true,"href":"https:\/\/danielprinz-pianist.de\/english\/wp-json\/wp\/v2\/users\/1"}],"replies":[{"embeddable":true,"href":"https:\/\/danielprinz-pianist.de\/english\/wp-json\/wp\/v2\/comments?post=324"}],"version-history":[{"count":37,"href":"https:\/\/danielprinz-pianist.de\/english\/wp-json\/wp\/v2\/pages\/324\/revisions"}],"predecessor-version":[{"id":708,"href":"https:\/\/danielprinz-pianist.de\/english\/wp-json\/wp\/v2\/pages\/324\/revisions\/708"}],"wp:attachment":[{"href":"https:\/\/danielprinz-pianist.de\/english\/wp-json\/wp\/v2\/media?parent=324"}],"curies":[{"name":"wp","href":"https:\/\/api.w.org\/{rel}","templated":true}]}}